{"id":8872,"date":"2018-10-11T09:26:54","date_gmt":"2018-10-11T07:26:54","guid":{"rendered":"http:\/\/hotel-les-balcons.com\/legal-notice\/"},"modified":"2023-07-05T08:34:53","modified_gmt":"2023-07-05T06:34:53","slug":"legal-notice","status":"publish","type":"page","link":"https:\/\/hotel-les-balcons.com\/en\/legal-notice\/","title":{"rendered":"Legal notice"},"content":{"rendered":"<p>[et_pb_section fb_built=&#8221;1&#8243; fullwidth=&#8221;on&#8221; _builder_version=&#8221;4.16&#8243; custom_margin=&#8221;||-25px|&#8221; custom_padding=&#8221;|||&#8221; global_colors_info=&#8221;{}&#8221;][et_pb_fullwidth_header title=&#8221;Legal notice&#8221; text_orientation=&#8221;center&#8221; _builder_version=&#8221;4.16&#8243; title_font=&#8221;Roboto|||on|||||&#8221; title_text_align=&#8221;center&#8221; title_font_size=&#8221;34px&#8221; content_font=&#8221;Roboto|700|||||||&#8221; content_font_size=&#8221;16px&#8221; title_font_size_tablet=&#8221;&#8221; title_font_size_phone=&#8221;26px&#8221; title_font_size_last_edited=&#8221;on|desktop&#8221; global_colors_info=&#8221;{}&#8221; button_one_text_size__hover_enabled=&#8221;off&#8221; button_two_text_size__hover_enabled=&#8221;off&#8221; button_one_text_color__hover_enabled=&#8221;off&#8221; button_two_text_color__hover_enabled=&#8221;off&#8221; button_one_border_width__hover_enabled=&#8221;off&#8221; button_two_border_width__hover_enabled=&#8221;off&#8221; button_one_border_color__hover_enabled=&#8221;off&#8221; button_two_border_color__hover_enabled=&#8221;off&#8221; button_one_border_radius__hover_enabled=&#8221;off&#8221; button_two_border_radius__hover_enabled=&#8221;off&#8221; button_one_letter_spacing__hover_enabled=&#8221;off&#8221; button_two_letter_spacing__hover_enabled=&#8221;off&#8221; button_one_bg_color__hover_enabled=&#8221;off&#8221; button_two_bg_color__hover_enabled=&#8221;off&#8221;]&nbsp;<br \/>\n[\/et_pb_fullwidth_header][\/et_pb_section][et_pb_section fb_built=&#8221;1&#8243; admin_label=&#8221;section&#8221; _builder_version=&#8221;4.16&#8243; global_colors_info=&#8221;{}&#8221;][et_pb_row admin_label=&#8221;row&#8221; _builder_version=&#8221;4.16&#8243; background_color=&#8221;rgba(234,234,234,0.16)&#8221; background_size=&#8221;initial&#8221; background_position=&#8221;top_left&#8221; background_repeat=&#8221;repeat&#8221; width=&#8221;60%&#8221; max_width=&#8221;60%&#8221; custom_padding=&#8221;3.8%|4%|4%|4%|false|false&#8221; use_custom_width=&#8221;on&#8221; width_unit=&#8221;off&#8221; custom_width_percent=&#8221;60%&#8221; global_colors_info=&#8221;{}&#8221;][et_pb_column type=&#8221;4_4&#8243; _builder_version=&#8221;4.16&#8243; custom_padding=&#8221;|||&#8221; global_colors_info=&#8221;{}&#8221; custom_padding__hover=&#8221;|||&#8221;][et_pb_text admin_label=&#8221;Text&#8221; _builder_version=&#8221;4.16&#8243; text_font=&#8221;Roboto|300|||||||&#8221; text_font_size=&#8221;16px&#8221; header_font=&#8221;||||||||&#8221; header_2_font=&#8221;Roboto|||on|||||&#8221; header_2_text_color=&#8221;#00315F&#8221; header_2_line_height=&#8221;1.6em&#8221; background_size=&#8221;initial&#8221; background_position=&#8221;top_left&#8221; background_repeat=&#8221;repeat&#8221; global_colors_info=&#8221;{}&#8221;]<\/p>\n<p>&nbsp;<\/p>\n<h2>Editor<\/h2>\n<p>\u00a0H\u00f4tel Les Balcons Village \/ Les Balcons de Belle Plagne (INPI n\u00b0 174 342 317)<\/p>\n<p><span>73210 LA PLAGNE EN TARENTAISE<\/span><\/p>\n<p>Corporate name : SARL Les Balcons de Belle Plagne<br \/> Head office : Les Balcons de Belle Plagne,\u00a0\u00a0<span>73210 LA PLAGNE EN TARENTAISE<\/span>, FRANCE<br \/> Capital Stock : 670.000 \u20ac<\/p>\n<p>Phone : 0<span>4 79 55 76 55<\/span><br \/> Mail : <a href=\"mailto:reservation@hotel-les-balcons.com\">reservation@hotel-les-balcons.com<\/a><\/p>\n<p>License number : 413857939 RCS CHAMBERY<br \/> VAT intra-community : FR19<span>413857939<\/span><\/p>\n<p>&nbsp;<\/p>\n<h2>HOST :<\/h2>\n<p>Corporate name  : OVH<br \/> Legale structure : SAS<br \/> Head office : 2, Rue Kellermann &#8211; 59100 ROUBAIX &#8211; FRANCE<br \/> Phone : +33 (0)9 72 10 10 07 (num\u00e9ro non surtax\u00e9)<\/p>\n<p>&nbsp;<\/p>\n<h2>CREDIT PHOTO :<\/h2>\n<p>Florian Peallat<br \/><span style=\"font-size: 16px; font-style: inherit; font-variant-ligatures: inherit; font-variant-caps: inherit;\">Pierre Thiaville<br \/>Les Balcons<br \/> <\/span><span style=\"font-size: 16px; font-style: inherit; font-variant-ligatures: inherit; font-variant-caps: inherit;\">Shutterstock<\/span><\/p>\n<p>[\/et_pb_text][\/et_pb_column][\/et_pb_row][\/et_pb_section][et_pb_section fb_built=&#8221;1&#8243; _builder_version=&#8221;4.21.0&#8243; z_index=&#8221;99999&#8243; custom_margin=&#8221;0px||0px||false|false&#8221; custom_padding=&#8221;0px||0px||false|false&#8221; saved_tabs=&#8221;all&#8221; locked=&#8221;off&#8221; global_colors_info=&#8221;{}&#8221; global_module=&#8221;11773&#8243; theme_builder_area=&#8221;post_content&#8221;][et_pb_row custom_padding_last_edited=&#8221;off|desktop&#8221; _builder_version=&#8221;4.21.0&#8243; custom_margin=&#8221;||||false|false&#8221; custom_margin_tablet=&#8221;||-70px|&#8221; custom_margin_phone=&#8221;||-17px&#8221; custom_margin_last_edited=&#8221;on|desktop&#8221; custom_padding=&#8221;26px|0px|0px|0px|false|false&#8221; global_colors_info=&#8221;{}&#8221; theme_builder_area=&#8221;post_content&#8221;][et_pb_column type=&#8221;4_4&#8243; _builder_version=&#8221;4.16&#8243; custom_padding=&#8221;||0px|&#8221; global_colors_info=&#8221;{}&#8221; custom_padding__hover=&#8221;|||&#8221; theme_builder_area=&#8221;post_content&#8221;][et_pb_text admin_label=&#8221;R\u00e9servez votre s\u00e9jour&#8221; _builder_version=&#8221;4.21.0&#8243; text_font=&#8221;|700|||||||&#8221; text_letter_spacing=&#8221;6px&#8221; header_font=&#8221;||||||||&#8221; header_letter_spacing=&#8221;10px&#8221; header_3_font=&#8221;|700||on|||||&#8221; header_3_font_size=&#8221;29px&#8221; header_3_letter_spacing=&#8221;6px&#8221; header_3_line_height=&#8221;1.4em&#8221; text_orientation=&#8221;center&#8221; custom_margin=&#8221;40px||16px|&#8221; custom_margin_tablet=&#8221;&#8221; custom_margin_phone=&#8221;&#8221; custom_margin_last_edited=&#8221;on|desktop&#8221; custom_padding=&#8221;0px||0px|&#8221; text_font_size_tablet=&#8221;&#8221; text_font_size_phone=&#8221;&#8221; text_font_size_last_edited=&#8221;on|desktop&#8221; text_letter_spacing_tablet=&#8221;&#8221; text_letter_spacing_phone=&#8221;5px&#8221; text_letter_spacing_last_edited=&#8221;on|desktop&#8221; header_font_size_tablet=&#8221;&#8221; header_font_size_phone=&#8221;30px&#8221; header_font_size_last_edited=&#8221;on|phone&#8221; header_3_font_size_tablet=&#8221;33px&#8221; header_3_font_size_phone=&#8221;30px&#8221; header_3_font_size_last_edited=&#8221;on|desktop&#8221; custom_css_before=&#8221;font-family: &#8216;ETModules&#8217;;||content : %22%92e023%22;||color:#003F79;||margin-bottom: 20px;||font-size:34px;||display:block;&#8221; global_colors_info=&#8221;{}&#8221; theme_builder_area=&#8221;post_content&#8221;]<\/p>\n<h3>Find your stay in la plagne<\/h3>\n<p>[\/et_pb_text][balcons_resalys_search resalys_base_url=&#8221;https:\/\/reservation.hotel-les-balcons.com\/rsl\/clickbooking?&#8221; webuser=&#8221;web92hotelbp&#8221; language_code=&#8221;FR&#8221; visibility=&#8221;off&#8221; admin_label=&#8221;STICKY Moteur de recherche&#8221; _builder_version=&#8221;4.21.0&#8243; _module_preset=&#8221;default&#8221; custom_margin=&#8221;||||false|false&#8221; custom_padding=&#8221;||||false|false&#8221; global_colors_info=&#8221;{}&#8221; theme_builder_area=&#8221;post_content&#8221;][balcons_etablissement name_etab=&#8221;H\u00f4tel Les Balcons Village&#8221; etab_id=&#8221;4&#8243; heb_ouvert_date_winter=&#8221;22\/12\/2023&#8243; heb_close_date_winter=&#8221;13\/04\/2024&#8243; station=&#8221;LA PLAGNE&#8221; _builder_version=&#8221;4.21.0&#8243; _module_preset=&#8221;default&#8221; global_colors_info=&#8221;{}&#8221; theme_builder_area=&#8221;post_content&#8221;][\/balcons_etablissement][\/balcons_resalys_search][\/et_pb_column][\/et_pb_row][\/et_pb_section]<\/p>\n<span class=\"et_bloom_bottom_trigger\"><\/span>","protected":false},"excerpt":{"rendered":"<p>&nbsp; &nbsp; Editor \u00a0H\u00f4tel Les Balcons Village \/ Les Balcons de Belle Plagne (INPI n\u00b0 174 342 317) 73210 LA PLAGNE EN TARENTAISE Corporate name : SARL Les Balcons de Belle Plagne Head office : Les Balcons de Belle Plagne,\u00a0\u00a073210 LA PLAGNE EN TARENTAISE, FRANCE Capital Stock : 670.000 \u20ac Phone : 04 79 55 [&hellip;]<\/p>\n","protected":false},"author":6,"featured_media":0,"parent":0,"menu_order":0,"comment_status":"closed","ping_status":"closed","template":"","meta":{"_et_pb_use_builder":"on","_et_pb_old_content":"","_et_gb_content_width":"","footnotes":""},"class_list":["post-8872","page","type-page","status-publish","hentry"],"yoast_head":"<!-- This site is optimized with the Yoast SEO plugin v27.2 - https:\/\/yoast.com\/product\/yoast-seo-wordpress\/ -->\n<title>Legal notice - La Plagne H\u00f4tel Les Balcons Village<\/title>\n<meta name=\"description\" content=\"Legal notice H\u00f4tel les balcons,73210 La Plagne Information \u00e9diteur, hebergeur, cr\u00e9dit photos\" \/>\n<meta name=\"robots\" content=\"index, follow, max-snippet:-1, max-image-preview:large, max-video-preview:-1\" \/>\n<link rel=\"canonical\" href=\"https:\/\/hotel-les-balcons.com\/en\/legal-notice\/\" \/>\n<meta property=\"og:locale\" content=\"en_US\" \/>\n<meta property=\"og:type\" content=\"article\" \/>\n<meta property=\"og:title\" content=\"Legal notice - La Plagne H\u00f4tel Les Balcons Village\" \/>\n<meta property=\"og:description\" content=\"Legal notice H\u00f4tel les balcons,73210 La Plagne Information \u00e9diteur, hebergeur, cr\u00e9dit photos\" \/>\n<meta property=\"og:url\" content=\"https:\/\/hotel-les-balcons.com\/en\/legal-notice\/\" \/>\n<meta property=\"og:site_name\" content=\"La Plagne H\u00f4tel Les Balcons Village\" \/>\n<meta property=\"article:publisher\" content=\"https:\/\/www.facebook.com\/LesBalcons\" \/>\n<meta property=\"article:modified_time\" content=\"2023-07-05T06:34:53+00:00\" \/>\n<meta name=\"twitter:card\" content=\"summary_large_image\" \/>\n<meta name=\"twitter:site\" content=\"@Les_Balcons\" \/>\n<meta name=\"twitter:label1\" content=\"Est. reading time\" \/>\n\t<meta name=\"twitter:data1\" content=\"4 minutes\" \/>\n<script type=\"application\/ld+json\" class=\"yoast-schema-graph\">{\"@context\":\"https:\/\/schema.org\",\"@graph\":[{\"@type\":\"WebPage\",\"@id\":\"https:\/\/hotel-les-balcons.com\/en\/legal-notice\/\",\"url\":\"https:\/\/hotel-les-balcons.com\/en\/legal-notice\/\",\"name\":\"Legal notice - La Plagne H\u00f4tel Les Balcons Village\",\"isPartOf\":{\"@id\":\"https:\/\/hotel-les-balcons.com\/en\/#website\"},\"datePublished\":\"2018-10-11T07:26:54+00:00\",\"dateModified\":\"2023-07-05T06:34:53+00:00\",\"description\":\"Legal notice H\u00f4tel les balcons,73210 La Plagne Information \u00e9diteur, hebergeur, cr\u00e9dit photos\",\"breadcrumb\":{\"@id\":\"https:\/\/hotel-les-balcons.com\/en\/legal-notice\/#breadcrumb\"},\"inLanguage\":\"en-US\",\"potentialAction\":[{\"@type\":\"ReadAction\",\"target\":[\"https:\/\/hotel-les-balcons.com\/en\/legal-notice\/\"]}]},{\"@type\":\"BreadcrumbList\",\"@id\":\"https:\/\/hotel-les-balcons.com\/en\/legal-notice\/#breadcrumb\",\"itemListElement\":[{\"@type\":\"ListItem\",\"position\":1,\"name\":\"Accueil\",\"item\":\"https:\/\/hotel-les-balcons.com\/en\/hotel-les-balcons\/\"},{\"@type\":\"ListItem\",\"position\":2,\"name\":\"Legal notice\"}]},{\"@type\":\"WebSite\",\"@id\":\"https:\/\/hotel-les-balcons.com\/en\/#website\",\"url\":\"https:\/\/hotel-les-balcons.com\/en\/\",\"name\":\"La Plagne H\u00f4tel Les Balcons Village\",\"description\":\"H\u00f4tel La Plagne 3* et Spa | La Plagne Paradiski\",\"publisher\":{\"@id\":\"https:\/\/hotel-les-balcons.com\/en\/#organization\"},\"potentialAction\":[{\"@type\":\"SearchAction\",\"target\":{\"@type\":\"EntryPoint\",\"urlTemplate\":\"https:\/\/hotel-les-balcons.com\/en\/?s={search_term_string}\"},\"query-input\":{\"@type\":\"PropertyValueSpecification\",\"valueRequired\":true,\"valueName\":\"search_term_string\"}}],\"inLanguage\":\"en-US\"},{\"@type\":\"Organization\",\"@id\":\"https:\/\/hotel-les-balcons.com\/en\/#organization\",\"name\":\"H\u00f4tel Les Balcons Village\",\"url\":\"https:\/\/hotel-les-balcons.com\/en\/\",\"logo\":{\"@type\":\"ImageObject\",\"inLanguage\":\"en-US\",\"@id\":\"https:\/\/hotel-les-balcons.com\/en\/#\/schema\/logo\/image\/\",\"url\":\"https:\/\/hotel-les-balcons.com\/wp-content\/uploads\/2018\/11\/logo-hotel-les-balcons-village-de-belle-plagne-300.png\",\"contentUrl\":\"https:\/\/hotel-les-balcons.com\/wp-content\/uploads\/2018\/11\/logo-hotel-les-balcons-village-de-belle-plagne-300.png\",\"width\":300,\"height\":97,\"caption\":\"H\u00f4tel Les Balcons Village\"},\"image\":{\"@id\":\"https:\/\/hotel-les-balcons.com\/en\/#\/schema\/logo\/image\/\"},\"sameAs\":[\"https:\/\/www.facebook.com\/LesBalcons\",\"https:\/\/x.com\/Les_Balcons\",\"https:\/\/www.instagram.com\/les_balcons\/\",\"https:\/\/pinterest.com\/lesbalcons0208\/\"]}]}<\/script>\n<!-- \/ Yoast SEO plugin. -->","yoast_head_json":{"title":"Legal notice - La Plagne H\u00f4tel Les Balcons Village","description":"Legal notice H\u00f4tel les balcons,73210 La Plagne Information \u00e9diteur, hebergeur, cr\u00e9dit photos","robots":{"index":"index","follow":"follow","max-snippet":"max-snippet:-1","max-image-preview":"max-image-preview:large","max-video-preview":"max-video-preview:-1"},"canonical":"https:\/\/hotel-les-balcons.com\/en\/legal-notice\/","og_locale":"en_US","og_type":"article","og_title":"Legal notice - La Plagne H\u00f4tel Les Balcons Village","og_description":"Legal notice H\u00f4tel les balcons,73210 La Plagne Information \u00e9diteur, hebergeur, cr\u00e9dit photos","og_url":"https:\/\/hotel-les-balcons.com\/en\/legal-notice\/","og_site_name":"La Plagne H\u00f4tel Les Balcons Village","article_publisher":"https:\/\/www.facebook.com\/LesBalcons","article_modified_time":"2023-07-05T06:34:53+00:00","twitter_card":"summary_large_image","twitter_site":"@Les_Balcons","twitter_misc":{"Est. reading time":"4 minutes"},"schema":{"@context":"https:\/\/schema.org","@graph":[{"@type":"WebPage","@id":"https:\/\/hotel-les-balcons.com\/en\/legal-notice\/","url":"https:\/\/hotel-les-balcons.com\/en\/legal-notice\/","name":"Legal notice - La Plagne H\u00f4tel Les Balcons Village","isPartOf":{"@id":"https:\/\/hotel-les-balcons.com\/en\/#website"},"datePublished":"2018-10-11T07:26:54+00:00","dateModified":"2023-07-05T06:34:53+00:00","description":"Legal notice H\u00f4tel les balcons,73210 La Plagne Information \u00e9diteur, hebergeur, cr\u00e9dit photos","breadcrumb":{"@id":"https:\/\/hotel-les-balcons.com\/en\/legal-notice\/#breadcrumb"},"inLanguage":"en-US","potentialAction":[{"@type":"ReadAction","target":["https:\/\/hotel-les-balcons.com\/en\/legal-notice\/"]}]},{"@type":"BreadcrumbList","@id":"https:\/\/hotel-les-balcons.com\/en\/legal-notice\/#breadcrumb","itemListElement":[{"@type":"ListItem","position":1,"name":"Accueil","item":"https:\/\/hotel-les-balcons.com\/en\/hotel-les-balcons\/"},{"@type":"ListItem","position":2,"name":"Legal notice"}]},{"@type":"WebSite","@id":"https:\/\/hotel-les-balcons.com\/en\/#website","url":"https:\/\/hotel-les-balcons.com\/en\/","name":"La Plagne H\u00f4tel Les Balcons Village","description":"H\u00f4tel La Plagne 3* et Spa | La Plagne Paradiski","publisher":{"@id":"https:\/\/hotel-les-balcons.com\/en\/#organization"},"potentialAction":[{"@type":"SearchAction","target":{"@type":"EntryPoint","urlTemplate":"https:\/\/hotel-les-balcons.com\/en\/?s={search_term_string}"},"query-input":{"@type":"PropertyValueSpecification","valueRequired":true,"valueName":"search_term_string"}}],"inLanguage":"en-US"},{"@type":"Organization","@id":"https:\/\/hotel-les-balcons.com\/en\/#organization","name":"H\u00f4tel Les Balcons Village","url":"https:\/\/hotel-les-balcons.com\/en\/","logo":{"@type":"ImageObject","inLanguage":"en-US","@id":"https:\/\/hotel-les-balcons.com\/en\/#\/schema\/logo\/image\/","url":"https:\/\/hotel-les-balcons.com\/wp-content\/uploads\/2018\/11\/logo-hotel-les-balcons-village-de-belle-plagne-300.png","contentUrl":"https:\/\/hotel-les-balcons.com\/wp-content\/uploads\/2018\/11\/logo-hotel-les-balcons-village-de-belle-plagne-300.png","width":300,"height":97,"caption":"H\u00f4tel Les Balcons Village"},"image":{"@id":"https:\/\/hotel-les-balcons.com\/en\/#\/schema\/logo\/image\/"},"sameAs":["https:\/\/www.facebook.com\/LesBalcons","https:\/\/x.com\/Les_Balcons","https:\/\/www.instagram.com\/les_balcons\/","https:\/\/pinterest.com\/lesbalcons0208\/"]}]}},"_links":{"self":[{"href":"https:\/\/hotel-les-balcons.com\/en\/wp-json\/wp\/v2\/pages\/8872","targetHints":{"allow":["GET"]}}],"collection":[{"href":"https:\/\/hotel-les-balcons.com\/en\/wp-json\/wp\/v2\/pages"}],"about":[{"href":"https:\/\/hotel-les-balcons.com\/en\/wp-json\/wp\/v2\/types\/page"}],"author":[{"embeddable":true,"href":"https:\/\/hotel-les-balcons.com\/en\/wp-json\/wp\/v2\/users\/6"}],"replies":[{"embeddable":true,"href":"https:\/\/hotel-les-balcons.com\/en\/wp-json\/wp\/v2\/comments?post=8872"}],"version-history":[{"count":15,"href":"https:\/\/hotel-les-balcons.com\/en\/wp-json\/wp\/v2\/pages\/8872\/revisions"}],"predecessor-version":[{"id":11836,"href":"https:\/\/hotel-les-balcons.com\/en\/wp-json\/wp\/v2\/pages\/8872\/revisions\/11836"}],"wp:attachment":[{"href":"https:\/\/hotel-les-balcons.com\/en\/wp-json\/wp\/v2\/media?parent=8872"}],"curies":[{"name":"wp","href":"https:\/\/api.w.org\/{rel}","templated":true}]}}